{"version":"1.0","provider_name":"Vereinigung f\u00fcr Medienkultur","provider_url":"https:\/\/www.medienkultur.at\/neu","author_name":"Hans H\u00f6gl","author_url":"https:\/\/www.medienkultur.at\/neu\/author\/wordpressadmin\/","title":"Schweiz Pioniermarkt f\u00fcr Wasserstoff | Vereinigung f\u00fcr Medienkultur","type":"rich","width":600,"height":338,"html":"<blockquote class=\"wp-embedded-content\" data-secret=\"FJAqYaGJnS\"><a href=\"https:\/\/www.medienkultur.at\/neu\/wasserstoff-autos-in-der-schweiz\/\">Schweiz Pioniermarkt f\u00fcr Wasserstoff<\/a><\/blockquote><iframe sandbox=\"allow-scripts\" security=\"restricted\" src=\"https:\/\/www.medienkultur.at\/neu\/wasserstoff-autos-in-der-schweiz\/embed\/#?secret=FJAqYaGJnS\" width=\"600\" height=\"338\" title=\"&#8222;Schweiz Pioniermarkt f\u00fcr Wasserstoff&#8220; &#8211; Vereinigung f\u00fcr Medienkultur\" data-secret=\"FJAqYaGJnS\" frameborder=\"0\" marginwidth=\"0\" marginheight=\"0\" scrolling=\"no\" class=\"wp-embedded-content\"><\/iframe><script>\n\/*! This file is auto-generated *\/\n!function(d,l){\"use strict\";l.querySelector&&d.addEventListener&&\"undefined\"!=typeof URL&&(d.wp=d.wp||{},d.wp.receiveEmbedMessage||(d.wp.receiveEmbedMessage=function(e){var t=e.data;if((t||t.secret||t.message||t.value)&&!\/[^a-zA-Z0-9]\/.test(t.secret)){for(var s,r,n,a=l.querySelectorAll('iframe[data-secret=\"'+t.secret+'\"]'),o=l.querySelectorAll('blockquote[data-secret=\"'+t.secret+'\"]'),c=new RegExp(\"^https?:$\",\"i\"),i=0;i<o.length;i++)o[i].style.display=\"none\";for(i=0;i<a.length;i++)s=a[i],e.source===s.contentWindow&&(s.removeAttribute(\"style\"),\"height\"===t.message?(1e3<(r=parseInt(t.value,10))?r=1e3:~~r<200&&(r=200),s.height=r):\"link\"===t.message&&(r=new URL(s.getAttribute(\"src\")),n=new URL(t.value),c.test(n.protocol))&&n.host===r.host&&l.activeElement===s&&(d.top.location.href=t.value))}},d.addEventListener(\"message\",d.wp.receiveEmbedMessage,!1),l.addEventListener(\"DOMContentLoaded\",function(){for(var e,t,s=l.querySelectorAll(\"iframe.wp-embedded-content\"),r=0;r<s.length;r++)(t=(e=s[r]).getAttribute(\"data-secret\"))||(t=Math.random().toString(36).substring(2,12),e.src+=\"#?secret=\"+t,e.setAttribute(\"data-secret\",t)),e.contentWindow.postMessage({message:\"ready\",secret:t},\"*\")},!1)))}(window,document);\n\/\/# sourceURL=https:\/\/www.medienkultur.at\/neu\/wp-includes\/js\/wp-embed.min.js\n<\/script>\n","description":"Es ist verwunderlich, wie lange es braucht, dass bemerkenswerte Entwicklungen in der Schweiz bei uns medial wahrgenommen werden. Ein Beispiel ist die Initiative f\u00fcr Wasserstoffautos. Hans H\u00f6gl In der Schweizer Illustrierten war davon schon am 12. Oktober 2020 die Rede. K\u00fcrzlich hat \u00d61 dies aufgegriffen. Die LKW-Firma Gebr\u00fcder Weiss aus \u00d6sterreich beteiligt sich an der &hellip; weiterlesen &rarr;"}