{"version":"1.0","provider_name":"Vereinigung f\u00fcr Medienkultur","provider_url":"https:\/\/www.medienkultur.at\/neu","author_name":"Hans H\u00f6gl","author_url":"https:\/\/www.medienkultur.at\/neu\/author\/wordpressadmin\/","title":"Sicherheit statt Freiheit | Vereinigung f\u00fcr Medienkultur","type":"rich","width":600,"height":338,"html":"<blockquote class=\"wp-embedded-content\" data-secret=\"I9i7HlhdbY\"><a href=\"https:\/\/www.medienkultur.at\/neu\/sicherheit-statt-freiheit\/\">Sicherheit statt Freiheit<\/a><\/blockquote><iframe sandbox=\"allow-scripts\" security=\"restricted\" src=\"https:\/\/www.medienkultur.at\/neu\/sicherheit-statt-freiheit\/embed\/#?secret=I9i7HlhdbY\" width=\"600\" height=\"338\" title=\"&#8222;Sicherheit statt Freiheit&#8220; &#8211; Vereinigung f\u00fcr Medienkultur\" data-secret=\"I9i7HlhdbY\" frameborder=\"0\" marginwidth=\"0\" marginheight=\"0\" scrolling=\"no\" class=\"wp-embedded-content\"><\/iframe><script>\n\/*! This file is auto-generated *\/\n!function(d,l){\"use strict\";l.querySelector&&d.addEventListener&&\"undefined\"!=typeof URL&&(d.wp=d.wp||{},d.wp.receiveEmbedMessage||(d.wp.receiveEmbedMessage=function(e){var t=e.data;if((t||t.secret||t.message||t.value)&&!\/[^a-zA-Z0-9]\/.test(t.secret)){for(var s,r,n,a=l.querySelectorAll('iframe[data-secret=\"'+t.secret+'\"]'),o=l.querySelectorAll('blockquote[data-secret=\"'+t.secret+'\"]'),c=new RegExp(\"^https?:$\",\"i\"),i=0;i<o.length;i++)o[i].style.display=\"none\";for(i=0;i<a.length;i++)s=a[i],e.source===s.contentWindow&&(s.removeAttribute(\"style\"),\"height\"===t.message?(1e3<(r=parseInt(t.value,10))?r=1e3:~~r<200&&(r=200),s.height=r):\"link\"===t.message&&(r=new URL(s.getAttribute(\"src\")),n=new URL(t.value),c.test(n.protocol))&&n.host===r.host&&l.activeElement===s&&(d.top.location.href=t.value))}},d.addEventListener(\"message\",d.wp.receiveEmbedMessage,!1),l.addEventListener(\"DOMContentLoaded\",function(){for(var e,t,s=l.querySelectorAll(\"iframe.wp-embedded-content\"),r=0;r<s.length;r++)(t=(e=s[r]).getAttribute(\"data-secret\"))||(t=Math.random().toString(36).substring(2,12),e.src+=\"#?secret=\"+t,e.setAttribute(\"data-secret\",t)),e.contentWindow.postMessage({message:\"ready\",secret:t},\"*\")},!1)))}(window,document);\n\/\/# sourceURL=https:\/\/www.medienkultur.at\/neu\/wp-includes\/js\/wp-embed.min.js\n<\/script>\n","description":"Unsere Werte durch ma\u00dflose\u00a0Polizei- und Milit\u00e4rma\u00dfnahmen verteidigen ? Udo Bachmair Die Kriegsrhetorik in Politik und Boulevardmedien nach den Attentaten von Paris wird immer ungez\u00fcgelter. Sie geht Hand in Hand mit weiteren intensiven Luftschl\u00e4gen in Syrien und einer seit 9\/11 beispiellosen Ausweitung milit\u00e4risch-polizeilicher Ma\u00dfnahmen auch innerhalb der EU. Kriegsrhetorik gepaart mit sukzessiver Einschr\u00e4nkung von B\u00fcrgerrechten wird &hellip; weiterlesen &rarr;"}