{"version":"1.0","provider_name":"Vereinigung f\u00fcr Medienkultur","provider_url":"https:\/\/www.medienkultur.at\/neu","author_name":"Hans H\u00f6gl","author_url":"https:\/\/www.medienkultur.at\/neu\/author\/wordpressadmin\/","title":"Menschenrechte in der tiefsten Krise seit dem Krieg | Vereinigung f\u00fcr Medienkultur","type":"rich","width":600,"height":338,"html":"<blockquote class=\"wp-embedded-content\" data-secret=\"ZOe6AQjAiP\"><a href=\"https:\/\/www.medienkultur.at\/neu\/menschenrechte-in-der-tiefsten-krise-seit-dem-krieg\/\">Menschenrechte in der tiefsten Krise seit dem Krieg<\/a><\/blockquote><iframe sandbox=\"allow-scripts\" security=\"restricted\" src=\"https:\/\/www.medienkultur.at\/neu\/menschenrechte-in-der-tiefsten-krise-seit-dem-krieg\/embed\/#?secret=ZOe6AQjAiP\" width=\"600\" height=\"338\" title=\"&#8222;Menschenrechte in der tiefsten Krise seit dem Krieg&#8220; &#8211; Vereinigung f\u00fcr Medienkultur\" data-secret=\"ZOe6AQjAiP\" frameborder=\"0\" marginwidth=\"0\" marginheight=\"0\" scrolling=\"no\" class=\"wp-embedded-content\"><\/iframe><script>\n\/*! This file is auto-generated *\/\n!function(d,l){\"use strict\";l.querySelector&&d.addEventListener&&\"undefined\"!=typeof URL&&(d.wp=d.wp||{},d.wp.receiveEmbedMessage||(d.wp.receiveEmbedMessage=function(e){var t=e.data;if((t||t.secret||t.message||t.value)&&!\/[^a-zA-Z0-9]\/.test(t.secret)){for(var s,r,n,a=l.querySelectorAll('iframe[data-secret=\"'+t.secret+'\"]'),o=l.querySelectorAll('blockquote[data-secret=\"'+t.secret+'\"]'),c=new RegExp(\"^https?:$\",\"i\"),i=0;i<o.length;i++)o[i].style.display=\"none\";for(i=0;i<a.length;i++)s=a[i],e.source===s.contentWindow&&(s.removeAttribute(\"style\"),\"height\"===t.message?(1e3<(r=parseInt(t.value,10))?r=1e3:~~r<200&&(r=200),s.height=r):\"link\"===t.message&&(r=new URL(s.getAttribute(\"src\")),n=new URL(t.value),c.test(n.protocol))&&n.host===r.host&&l.activeElement===s&&(d.top.location.href=t.value))}},d.addEventListener(\"message\",d.wp.receiveEmbedMessage,!1),l.addEventListener(\"DOMContentLoaded\",function(){for(var e,t,s=l.querySelectorAll(\"iframe.wp-embedded-content\"),r=0;r<s.length;r++)(t=(e=s[r]).getAttribute(\"data-secret\"))||(t=Math.random().toString(36).substring(2,12),e.src+=\"#?secret=\"+t,e.setAttribute(\"data-secret\",t)),e.contentWindow.postMessage({message:\"ready\",secret:t},\"*\")},!1)))}(window,document);\n\/\/# sourceURL=https:\/\/www.medienkultur.at\/neu\/wp-includes\/js\/wp-embed.min.js\n<\/script>\n","description":"Concordia-Preisverleihung im Zeichen der Menschenrechte Udo Bachmair Der renommierte Presseclub Concordia, Kooperationspartner der Vereinigung f\u00fcr Medienkultur hat im Parlament in Wien die diesj\u00e4hrigen Preise \u00fcberreicht. F\u00fcr ihr Lebenswerk geehrt worden sind zwei besonders engagierte Pers\u00f6nlichkeiten: Der Journalist und Buchautor Hubert Feichtlbauer, sowie die Pionierin der Umweltbewegung und Wegbereiterin der Gr\u00fcnen, Freda Meissner-Blau. Deren zivilgesellschaftliches und &hellip; weiterlesen &rarr;"}