{"version":"1.0","provider_name":"Vereinigung f\u00fcr Medienkultur","provider_url":"https:\/\/www.medienkultur.at\/neu","author_name":"Hans H\u00f6gl","author_url":"https:\/\/www.medienkultur.at\/neu\/author\/wordpressadmin\/","title":"Medientipps f\u00fcr Ende August | Vereinigung f\u00fcr Medienkultur","type":"rich","width":600,"height":338,"html":"<blockquote class=\"wp-embedded-content\" data-secret=\"LwF9q5kpLy\"><a href=\"https:\/\/www.medienkultur.at\/neu\/medientipps-fuer-ende-august\/\">Medientipps f\u00fcr Ende August<\/a><\/blockquote><iframe sandbox=\"allow-scripts\" security=\"restricted\" src=\"https:\/\/www.medienkultur.at\/neu\/medientipps-fuer-ende-august\/embed\/#?secret=LwF9q5kpLy\" width=\"600\" height=\"338\" title=\"&#8222;Medientipps f\u00fcr Ende August&#8220; &#8211; Vereinigung f\u00fcr Medienkultur\" data-secret=\"LwF9q5kpLy\" frameborder=\"0\" marginwidth=\"0\" marginheight=\"0\" scrolling=\"no\" class=\"wp-embedded-content\"><\/iframe><script>\n\/*! This file is auto-generated *\/\n!function(d,l){\"use strict\";l.querySelector&&d.addEventListener&&\"undefined\"!=typeof URL&&(d.wp=d.wp||{},d.wp.receiveEmbedMessage||(d.wp.receiveEmbedMessage=function(e){var t=e.data;if((t||t.secret||t.message||t.value)&&!\/[^a-zA-Z0-9]\/.test(t.secret)){for(var s,r,n,a=l.querySelectorAll('iframe[data-secret=\"'+t.secret+'\"]'),o=l.querySelectorAll('blockquote[data-secret=\"'+t.secret+'\"]'),c=new RegExp(\"^https?:$\",\"i\"),i=0;i<o.length;i++)o[i].style.display=\"none\";for(i=0;i<a.length;i++)s=a[i],e.source===s.contentWindow&&(s.removeAttribute(\"style\"),\"height\"===t.message?(1e3<(r=parseInt(t.value,10))?r=1e3:~~r<200&&(r=200),s.height=r):\"link\"===t.message&&(r=new URL(s.getAttribute(\"src\")),n=new URL(t.value),c.test(n.protocol))&&n.host===r.host&&l.activeElement===s&&(d.top.location.href=t.value))}},d.addEventListener(\"message\",d.wp.receiveEmbedMessage,!1),l.addEventListener(\"DOMContentLoaded\",function(){for(var e,t,s=l.querySelectorAll(\"iframe.wp-embedded-content\"),r=0;r<s.length;r++)(t=(e=s[r]).getAttribute(\"data-secret\"))||(t=Math.random().toString(36).substring(2,12),e.src+=\"#?secret=\"+t,e.setAttribute(\"data-secret\",t)),e.contentWindow.postMessage({message:\"ready\",secret:t},\"*\")},!1)))}(window,document);\n\/\/# sourceURL=https:\/\/www.medienkultur.at\/neu\/wp-includes\/js\/wp-embed.min.js\n<\/script>\n","description":"Seltener Arte-Monats\u00fcberblick Hans H\u00f6gl Warum bringe ich diese Medientipps? Wer hat denn schon einen Monats\u00fcberblick, verf\u00fcgt \u00fcber das Arte-Magazin? Arte ist wahrlich ein ausgezeichneter Minderheiten-Sender! Viele Privat-TV-Sender sind ja \u00fcberfl\u00fcssig.-Ich weise auf Beitr\u00e4ge hin-entweder au\u00dfergew\u00f6hnlich in der Qualit\u00e4t (den Gandhi-Film-sah ich zweimal!) oder in der Thematik. Meist triefen Medien an unverdaulicher Negativit\u00e4t. So schrieb ich &hellip; weiterlesen &rarr;"}