{"version":"1.0","provider_name":"Vereinigung f\u00fcr Medienkultur","provider_url":"https:\/\/www.medienkultur.at\/neu","author_name":"Hans H\u00f6gl","author_url":"https:\/\/www.medienkultur.at\/neu\/author\/wordpressadmin\/","title":"Arbeitslosigkeit verdoppelt in Europa? | Vereinigung f\u00fcr Medienkultur","type":"rich","width":600,"height":338,"html":"<blockquote class=\"wp-embedded-content\" data-secret=\"Q8hJ81IoWa\"><a href=\"https:\/\/www.medienkultur.at\/neu\/arbeitslosigkeit-verdoppelt-in-europa\/\">Arbeitslosigkeit verdoppelt in Europa?<\/a><\/blockquote><iframe sandbox=\"allow-scripts\" security=\"restricted\" src=\"https:\/\/www.medienkultur.at\/neu\/arbeitslosigkeit-verdoppelt-in-europa\/embed\/#?secret=Q8hJ81IoWa\" width=\"600\" height=\"338\" title=\"&#8222;Arbeitslosigkeit verdoppelt in Europa?&#8220; &#8211; Vereinigung f\u00fcr Medienkultur\" data-secret=\"Q8hJ81IoWa\" frameborder=\"0\" marginwidth=\"0\" marginheight=\"0\" scrolling=\"no\" class=\"wp-embedded-content\"><\/iframe><script>\n\/*! This file is auto-generated *\/\n!function(d,l){\"use strict\";l.querySelector&&d.addEventListener&&\"undefined\"!=typeof URL&&(d.wp=d.wp||{},d.wp.receiveEmbedMessage||(d.wp.receiveEmbedMessage=function(e){var t=e.data;if((t||t.secret||t.message||t.value)&&!\/[^a-zA-Z0-9]\/.test(t.secret)){for(var s,r,n,a=l.querySelectorAll('iframe[data-secret=\"'+t.secret+'\"]'),o=l.querySelectorAll('blockquote[data-secret=\"'+t.secret+'\"]'),c=new RegExp(\"^https?:$\",\"i\"),i=0;i<o.length;i++)o[i].style.display=\"none\";for(i=0;i<a.length;i++)s=a[i],e.source===s.contentWindow&&(s.removeAttribute(\"style\"),\"height\"===t.message?(1e3<(r=parseInt(t.value,10))?r=1e3:~~r<200&&(r=200),s.height=r):\"link\"===t.message&&(r=new URL(s.getAttribute(\"src\")),n=new URL(t.value),c.test(n.protocol))&&n.host===r.host&&l.activeElement===s&&(d.top.location.href=t.value))}},d.addEventListener(\"message\",d.wp.receiveEmbedMessage,!1),l.addEventListener(\"DOMContentLoaded\",function(){for(var e,t,s=l.querySelectorAll(\"iframe.wp-embedded-content\"),r=0;r<s.length;r++)(t=(e=s[r]).getAttribute(\"data-secret\"))||(t=Math.random().toString(36).substring(2,12),e.src+=\"#?secret=\"+t,e.setAttribute(\"data-secret\",t)),e.contentWindow.postMessage({message:\"ready\",secret:t},\"*\")},!1)))}(window,document);\n\/\/# sourceURL=https:\/\/www.medienkultur.at\/neu\/wp-includes\/js\/wp-embed.min.js\n<\/script>\n","description":"Hans H\u00f6gl: Eine wirkliche relevante Meldung in der Infoflut McKinsey erwartet Verdoppelung der Arbeitslosenzahlen in Europa (reuters)\u00a0Die Arbeitslosigkeit in Europa k\u00f6nnte sich in den kommenden Monaten fast verdoppeln. Nach Sch\u00e4tzungen des Beratungsunternehmens McKinsey liefen 59 Millionen Arbeitspl\u00e4tze Gefahr, wegen der Coronavirus-Pandemie wegzufallen. \u00abDer Verlust dieser Arbeitspl\u00e4tze w\u00e4re nicht nur eine Trag\u00f6die auf individueller Ebene. Auch &hellip; weiterlesen &rarr;"}